{"id":1487,"date":"2021-05-28T10:21:25","date_gmt":"2021-05-28T16:21:25","guid":{"rendered":"https:\/\/wp-atencionenlinea-prod-bnfuezcwb3gcesd3.mexicocentral-01.azurewebsites.net\/?page_id=1487"},"modified":"2021-10-06T15:20:09","modified_gmt":"2021-10-06T21:20:09","slug":"covid19_faqs","status":"publish","type":"page","link":"https:\/\/anahuacqro.edu.mx\/atencionenlinea\/covid19_faqs\/","title":{"rendered":"COVID19_FAQ&#8217;s"},"content":{"rendered":"<p>[et_pb_section fb_built=&#8221;1&#8243; _builder_version=&#8221;4.11.1&#8243; _module_preset=&#8221;default&#8221; custom_margin_tablet=&#8221;100px||325px||false|false&#8221; custom_margin_phone=&#8221;||50px||false|false&#8221; custom_margin_last_edited=&#8221;on|tablet&#8221; hover_enabled=&#8221;0&#8243; global_colors_info=&#8221;{}&#8221; sticky_enabled=&#8221;0&#8243;][et_pb_row _builder_version=&#8221;4.11.1&#8243; _module_preset=&#8221;default&#8221; custom_margin=&#8221;-50px||||false|false&#8221; hover_enabled=&#8221;0&#8243; global_colors_info=&#8221;{}&#8221; custom_margin_last_edited=&#8221;on|phone&#8221; custom_margin_phone=&#8221;-100px||||false|false&#8221; sticky_enabled=&#8221;0&#8243;][et_pb_column type=&#8221;4_4&#8243; _builder_version=&#8221;4.9.4&#8243; _module_preset=&#8221;default&#8221; global_colors_info=&#8221;{}&#8221;][et_pb_code _builder_version=&#8221;4.9.4&#8243; _module_preset=&#8221;default&#8221; hover_enabled=&#8221;0&#8243; global_colors_info=&#8221;{}&#8221; sticky_enabled=&#8221;0&#8243;]<section id='' \n                class='helpie-faq accordions faq-toggle custom-styles' \n                data-collection='' \n                data-pagination='0' \n                data-search='0' \n                data-pagination-enabled='0'\n                role='region'\n                aria-label='FAQ Section'\n                aria-live='polite'><h3 class=\"collection-title\">COVID-19<\/h3><form class=\"search\" onSubmit=\"return false;\"><div class=\"search__wrapper\"><input type=\"text\" class=\"search__input\" aria-label=\"Search\" placeholder=\"Buscar FAQ\"><span class=\"search__icon\"><svg class=\"svg-icon--search\" role=\"img\" xmlns=\"http:\/\/www.w3.org\/2000\/svg\" viewBox=\"0 0 22 22\">\r\n                        <g fill=\"none\" stroke=\"#171717\">\r\n                            <path stroke-linecap=\"square\" stroke-width=\"2\" d=\"M18.5 18.3l-5.4-5.4\"\/>\r\n                            <circle cx=\"8\" cy=\"8\" r=\"7\" stroke-width=\"2\"\/>\r\n                        <\/g>\r\n                    <\/svg><\/span><\/div><div class=\"search__message\"><\/div><\/form><article class=\"accordion \"><div class='helpie-faq-row'><div class='helpie-faq-col helpie-faq-col-12' ><ul><li class=\"accordion__item \"><div class=\"accordion__header \" \r\n                id=\"accordion-header-post-1484\"\r\n                role=\"button\"\r\n                aria-expanded=\"false\"\r\n                aria-controls=\"accordion-content-post-1484\"\r\n                data-id=\"post-1484\" \r\n                data-item=\"hfaq-post-1484\" \r\n                style=\"background:#FFFFFF;\" \r\n                data-tags=\"\"\r\n                tabindex=\"0\"><div class=\"accordion__title\">\u00bfCuenta la Universidad con todos los protocolos para poder regresar al campus?<\/div><\/div><div id=\"accordion-content-post-1484\" \r\n                class=\"accordion__body\" \r\n                role=\"region\"\r\n                aria-labelledby=\"accordion-header-post-1484\"\r\n                style=\"background:#FCFCFC;\"><p><span style=\"color: #000000\">S\u00ed, la Universidad se ha asesorado con la Secretar\u00eda de Educaci\u00f3n del estado, as\u00ed como con Direcci\u00f3n de Protecci\u00f3n contra Riesgos Sanitarios y ha elaborado los protocolos que nos permiten regresar al campus.<\/span><\/p>\n<\/div><\/li><li class=\"accordion__item \"><div class=\"accordion__header \" \r\n                id=\"accordion-header-post-1485\"\r\n                role=\"button\"\r\n                aria-expanded=\"false\"\r\n                aria-controls=\"accordion-content-post-1485\"\r\n                data-id=\"post-1485\" \r\n                data-item=\"hfaq-post-1485\" \r\n                style=\"background:#FFFFFF;\" \r\n                data-tags=\"\"\r\n                tabindex=\"0\"><div class=\"accordion__title\">\u00bfCon qui\u00e9n puedo recurrir en caso de tener dudas de salud sobre el tema del COVID-19?<\/div><\/div><div id=\"accordion-content-post-1485\" \r\n                class=\"accordion__body\" \r\n                role=\"region\"\r\n                aria-labelledby=\"accordion-header-post-1485\"\r\n                style=\"background:#FCFCFC;\"><p><span style=\"color: #000000\">Puedes acudir al servicio m\u00e9dico que se encuentra en la planta baja del edificio Liderazgo o puedes acudir a la Escuela de Medicina que se encuentra en el edificio C, en el tercer piso.<\/span><\/p>\n<\/div><\/li><li class=\"accordion__item \"><div class=\"accordion__header \" \r\n                id=\"accordion-header-post-1486\"\r\n                role=\"button\"\r\n                aria-expanded=\"false\"\r\n                aria-controls=\"accordion-content-post-1486\"\r\n                data-id=\"post-1486\" \r\n                data-item=\"hfaq-post-1486\" \r\n                style=\"background:#FFFFFF;\" \r\n                data-tags=\"\"\r\n                tabindex=\"0\"><div class=\"accordion__title\">\u00bfQu\u00e9 tengo que hacer para poder presentarme en el campus de la Universidad?<\/div><\/div><div id=\"accordion-content-post-1486\" \r\n                class=\"accordion__body\" \r\n                role=\"region\"\r\n                aria-labelledby=\"accordion-header-post-1486\"\r\n                style=\"background:#FCFCFC;\"><p><span style=\"color: #000000\">Analizar si no tienes ning\u00fan s\u00edntoma de COVID-19.<\/span><br \/>\n<span style=\"color: #000000\">Registrarte en la siguiente liga para que obtengas un c\u00f3digo qr, y puedas tener acceso r\u00e1pido en la entrada de la Universidad. Este c\u00f3digo tiene validez durante 7 d\u00edas, despu\u00e9s de este tiempo se tendr\u00e1 que volver a generar.<\/span> <strong><a href=\"https:\/\/nam11.safelinks.protection.outlook.com\/?url=https%3A%2F%2Fregistrocovid.anahuacqro.mx%2Finicio.php&amp;data=04%7C01%7Cjonathan.rendon%40anahuac.mx%7C42a0fa665bb4476f67f708d92135cbc0%7C0d8d6b97e05d460cb6b519b7d020f47a%7C0%7C0%7C637577337213944399%7CUnknown%7CTWFpbGZsb3d8eyJWIjoiMC4wLjAwMDAiLCJQIjoiV2luMzIiLCJBTiI6Ik1haWwiLCJXVCI6Mn0%3D%7C1000&amp;sdata=2OZ9kPEJbn%2FOK30LXyZ77gDY6mwOh%2Bj%2B1E0%2FMEl781I%3D&amp;reserved=0\">https:\/\/registrocovid.anahuacqro.mx\/inicio.php<\/a><\/strong><strong>. <\/strong><span style=\"color: #000000\">Lo m\u00e1s importante es que contestes este cuestionario con la verdad y con responsabilidad.<\/span><br \/>\n<span style=\"color: #000000\">Presentarte con tu cubrebocas en la universidad.<\/span><br \/>\n<span style=\"color: #000000\">Respetar y acatar las medidas de prevenci\u00f3n de contagio en la Universidad.<\/span><br \/>\n<span style=\"color: #000000\">Revisar los protocolos que la Universidad ha generado.<\/span><\/p>\n<\/div><\/li><\/ul><\/div><\/div><\/article><\/section>[\/et_pb_code][\/et_pb_column][\/et_pb_row][\/et_pb_section]<\/p>\n","protected":false},"excerpt":{"rendered":"<section id='' \n                class='helpie-faq accordions faq-toggle custom-styles' \n                data-collection='' \n                data-pagination='0' \n                data-search='0' \n                data-pagination-enabled='0'\n                role='region'\n                aria-label='FAQ Section'\n                aria-live='polite'><h3 class=\"collection-title\">COVID-19<\/h3><form class=\"search\" onSubmit=\"return false;\"><div class=\"search__wrapper\"><input type=\"text\" class=\"search__input\" aria-label=\"Search\" placeholder=\"Buscar FAQ\"><span class=\"search__icon\"><svg class=\"svg-icon--search\" role=\"img\" xmlns=\"http:\/\/www.w3.org\/2000\/svg\" viewBox=\"0 0 22 22\">\r\n                        <g fill=\"none\" stroke=\"#171717\">\r\n                            <path stroke-linecap=\"square\" stroke-width=\"2\" d=\"M18.5 18.3l-5.4-5.4\"\/>\r\n                            <circle cx=\"8\" cy=\"8\" r=\"7\" stroke-width=\"2\"\/>\r\n                        <\/g>\r\n                    <\/svg><\/span><\/div><div class=\"search__message\"><\/div><\/form><article class=\"accordion \"><div class='helpie-faq-row'><div class='helpie-faq-col helpie-faq-col-12' ><ul><li class=\"accordion__item \"><div class=\"accordion__header \" \r\n                id=\"accordion-header-post-1484\"\r\n                role=\"button\"\r\n                aria-expanded=\"false\"\r\n                aria-controls=\"accordion-content-post-1484\"\r\n                data-id=\"post-1484\" \r\n                data-item=\"hfaq-post-1484\" \r\n                style=\"background:#FFFFFF;\" \r\n                data-tags=\"\"\r\n                tabindex=\"0\"><div class=\"accordion__title\">\u00bfCuenta la Universidad con todos los protocolos para poder regresar al campus?<\/div><\/div><div id=\"accordion-content-post-1484\" \r\n                class=\"accordion__body\" \r\n                role=\"region\"\r\n                aria-labelledby=\"accordion-header-post-1484\"\r\n                style=\"background:#FCFCFC;\"><p><span style=\"color: #000000\">S\u00ed, la Universidad se ha asesorado con la Secretar\u00eda de Educaci\u00f3n del estado, as\u00ed como con Direcci\u00f3n de Protecci\u00f3n contra Riesgos Sanitarios y ha elaborado los protocolos que nos permiten regresar al campus.<\/span><\/p>\n<\/div><\/li><li class=\"accordion__item \"><div class=\"accordion__header \" \r\n                id=\"accordion-header-post-1485\"\r\n                role=\"button\"\r\n                aria-expanded=\"false\"\r\n                aria-controls=\"accordion-content-post-1485\"\r\n                data-id=\"post-1485\" \r\n                data-item=\"hfaq-post-1485\" \r\n                style=\"background:#FFFFFF;\" \r\n                data-tags=\"\"\r\n                tabindex=\"0\"><div class=\"accordion__title\">\u00bfCon qui\u00e9n puedo recurrir en caso de tener dudas de salud sobre el tema del COVID-19?<\/div><\/div><div id=\"accordion-content-post-1485\" \r\n                class=\"accordion__body\" \r\n                role=\"region\"\r\n                aria-labelledby=\"accordion-header-post-1485\"\r\n                style=\"background:#FCFCFC;\"><p><span style=\"color: #000000\">Puedes acudir al servicio m\u00e9dico que se encuentra en la planta baja del edificio Liderazgo o puedes acudir a la Escuela de Medicina que se encuentra en el edificio C, en el tercer piso.<\/span><\/p>\n<\/div><\/li><li class=\"accordion__item \"><div class=\"accordion__header \" \r\n                id=\"accordion-header-post-1486\"\r\n                role=\"button\"\r\n                aria-expanded=\"false\"\r\n                aria-controls=\"accordion-content-post-1486\"\r\n                data-id=\"post-1486\" \r\n                data-item=\"hfaq-post-1486\" \r\n                style=\"background:#FFFFFF;\" \r\n                data-tags=\"\"\r\n                tabindex=\"0\"><div class=\"accordion__title\">\u00bfQu\u00e9 tengo que hacer para poder presentarme en el campus de la Universidad?<\/div><\/div><div id=\"accordion-content-post-1486\" \r\n                class=\"accordion__body\" \r\n                role=\"region\"\r\n                aria-labelledby=\"accordion-header-post-1486\"\r\n                style=\"background:#FCFCFC;\"><p><span style=\"color: #000000\">Analizar si no tienes ning\u00fan s\u00edntoma de COVID-19.<\/span><br \/>\n<span style=\"color: #000000\">Registrarte en la siguiente liga para que obtengas un c\u00f3digo qr, y puedas tener acceso r\u00e1pido en la entrada de la Universidad. Este c\u00f3digo tiene validez durante 7 d\u00edas, despu\u00e9s de este tiempo se tendr\u00e1 que volver a generar.<\/span> <strong><a href=\"https:\/\/nam11.safelinks.protection.outlook.com\/?url=https%3A%2F%2Fregistrocovid.anahuacqro.mx%2Finicio.php&amp;data=04%7C01%7Cjonathan.rendon%40anahuac.mx%7C42a0fa665bb4476f67f708d92135cbc0%7C0d8d6b97e05d460cb6b519b7d020f47a%7C0%7C0%7C637577337213944399%7CUnknown%7CTWFpbGZsb3d8eyJWIjoiMC4wLjAwMDAiLCJQIjoiV2luMzIiLCJBTiI6Ik1haWwiLCJXVCI6Mn0%3D%7C1000&amp;sdata=2OZ9kPEJbn%2FOK30LXyZ77gDY6mwOh%2Bj%2B1E0%2FMEl781I%3D&amp;reserved=0\">https:\/\/registrocovid.anahuacqro.mx\/inicio.php<\/a><\/strong><strong>. <\/strong><span style=\"color: #000000\">Lo m\u00e1s importante es que contestes este cuestionario con la verdad y con responsabilidad.<\/span><br \/>\n<span style=\"color: #000000\">Presentarte con tu cubrebocas en la universidad.<\/span><br \/>\n<span style=\"color: #000000\">Respetar y acatar las medidas de prevenci\u00f3n de contagio en la Universidad.<\/span><br \/>\n<span style=\"color: #000000\">Revisar los protocolos que la Universidad ha generado.<\/span><\/p>\n<\/div><\/li><\/ul><\/div><\/div><\/article><\/section>\n","protected":false},"author":1,"featured_media":0,"parent":0,"menu_order":0,"comment_status":"closed","ping_status":"closed","template":"","meta":{"_et_pb_use_builder":"on","_et_pb_old_content":"","_et_gb_content_width":"","footnotes":""},"class_list":["post-1487","page","type-page","status-publish","hentry"],"_links":{"self":[{"href":"https:\/\/anahuacqro.edu.mx\/atencionenlinea\/wp-json\/wp\/v2\/pages\/1487","targetHints":{"allow":["GET"]}}],"collection":[{"href":"https:\/\/anahuacqro.edu.mx\/atencionenlinea\/wp-json\/wp\/v2\/pages"}],"about":[{"href":"https:\/\/anahuacqro.edu.mx\/atencionenlinea\/wp-json\/wp\/v2\/types\/page"}],"author":[{"embeddable":true,"href":"https:\/\/anahuacqro.edu.mx\/atencionenlinea\/wp-json\/wp\/v2\/users\/1"}],"replies":[{"embeddable":true,"href":"https:\/\/anahuacqro.edu.mx\/atencionenlinea\/wp-json\/wp\/v2\/comments?post=1487"}],"version-history":[{"count":0,"href":"https:\/\/anahuacqro.edu.mx\/atencionenlinea\/wp-json\/wp\/v2\/pages\/1487\/revisions"}],"wp:attachment":[{"href":"https:\/\/anahuacqro.edu.mx\/atencionenlinea\/wp-json\/wp\/v2\/media?parent=1487"}],"curies":[{"name":"wp","href":"https:\/\/api.w.org\/{rel}","templated":true}]}}