{"id":1520,"date":"2022-03-04T22:39:31","date_gmt":"2022-03-04T22:39:31","guid":{"rendered":"https:\/\/anahuacqro.edu.mx\/escuelaarquitectura\/?page_id=1520"},"modified":"2022-10-31T17:29:50","modified_gmt":"2022-10-31T17:29:50","slug":"conferencias","status":"publish","type":"page","link":"https:\/\/anahuacqro.edu.mx\/escuelaarquitectura\/conferencias\/","title":{"rendered":"Conferencias"},"content":{"rendered":"\n<div class=\"wp-block-columns is-layout-flex wp-container-core-columns-is-layout-9d6595d7 wp-block-columns-is-layout-flex\">\n<div class=\"wp-block-column is-layout-flow wp-block-column-is-layout-flow\">\n<div class=\"wp-block-columns is-layout-flex wp-container-core-columns-is-layout-9d6595d7 wp-block-columns-is-layout-flex\">\n<div class=\"wp-block-column is-layout-flow wp-block-column-is-layout-flow\">\n<figure class=\"wp-block-image alignfull size-full\"><img loading=\"lazy\" decoding=\"async\" width=\"300\" height=\"301\" src=\"https:\/\/wp-escuelaarquitectura-prod-h7d4fhcefzhqhadk.mexicocentral-01.azurewebsites.net\/wp-content\/uploads\/2022\/05\/Sin-titulo-1-27.jpg\" alt=\"\" class=\"wp-image-1764\" srcset=\"\/escuelaarquitectura\/wp-content\/uploads\/2022\/05\/Sin-titulo-1-27.jpg 300w, \/escuelaarquitectura\/wp-content\/uploads\/2022\/05\/Sin-titulo-1-27-150x150.jpg 150w\" sizes=\"auto, (max-width: 300px) 100vw, 300px\" \/><\/figure>\n\n\n\n<h3 class=\"has-text-align-center has-luminous-vivid-orange-color has-text-color has-medium-font-size wp-block-heading\"><strong>Arquitectura de Calcuta a Tepic<\/strong><\/h3>\n\n\n\n<p>Ponente: Arq. Bernardo G\u00f3mez Pimienta<br>Fecha: 23 de abril de 2021<\/p>\n\n\n\n<p class=\"has-text-align-left\"><a href=\"https:\/\/youtu.be\/i7RKgW3udwA\" target=\"_blank\" rel=\"noreferrer noopener\">Ver video<\/a><\/p>\n<\/div>\n\n\n\n<div class=\"wp-block-column is-layout-flow wp-block-column-is-layout-flow\">\n<figure class=\"wp-block-image alignfull size-full\"><img loading=\"lazy\" decoding=\"async\" width=\"300\" height=\"301\" src=\"https:\/\/wp-escuelaarquitectura-prod-h7d4fhcefzhqhadk.mexicocentral-01.azurewebsites.net\/wp-content\/uploads\/2022\/05\/Sin-titulo-1-31.jpg\" alt=\"\" class=\"wp-image-1762\" srcset=\"\/escuelaarquitectura\/wp-content\/uploads\/2022\/05\/Sin-titulo-1-31.jpg 300w, \/escuelaarquitectura\/wp-content\/uploads\/2022\/05\/Sin-titulo-1-31-150x150.jpg 150w\" sizes=\"auto, (max-width: 300px) 100vw, 300px\" \/><\/figure>\n\n\n\n<h3 class=\"has-text-align-center has-luminous-vivid-orange-color has-text-color has-medium-font-size wp-block-heading\"><strong>Arquitectura de emergencia en tiempos de crisis<\/strong><\/h3>\n\n\n\n<p>Ponente: Carmen Mendoza Arroyo, Carolina Collignon De Alba, Shinji Miyazaki, Ana Silvia Valenzuela, Rodrigo Langarica \u00c1vila y Antonio Moll<br>Fecha: 08 de mayo de 2020<\/p>\n\n\n\n<p class=\"has-text-align-left\"><a href=\"https:\/\/youtu.be\/z3B5hMgdY_g\">Ver video<\/a><\/p>\n<\/div>\n\n\n\n<div class=\"wp-block-column is-layout-flow wp-block-column-is-layout-flow\">\n<figure class=\"wp-block-image alignfull size-full\"><img loading=\"lazy\" decoding=\"async\" width=\"300\" height=\"301\" src=\"https:\/\/wp-escuelaarquitectura-prod-h7d4fhcefzhqhadk.mexicocentral-01.azurewebsites.net\/wp-content\/uploads\/2022\/05\/Sin-titulo-1-29.jpg\" alt=\"\" class=\"wp-image-1763\" srcset=\"\/escuelaarquitectura\/wp-content\/uploads\/2022\/05\/Sin-titulo-1-29.jpg 300w, \/escuelaarquitectura\/wp-content\/uploads\/2022\/05\/Sin-titulo-1-29-150x150.jpg 150w\" sizes=\"auto, (max-width: 300px) 100vw, 300px\" \/><\/figure>\n\n\n\n<h3 class=\"has-text-align-center has-luminous-vivid-orange-color has-text-color has-medium-font-size wp-block-heading\"><strong>Arquitectura y ciudad<\/strong><\/h3>\n\n\n\n<p>Ponente: Arq. F\u00e9lix S\u00e1nchez<br>Fecha: 23 de abril de 2021<\/p>\n\n\n\n<p class=\"has-text-align-left\"><a href=\"https:\/\/youtu.be\/7n6fMZXAcVc\">Ver video<\/a><\/p>\n<\/div>\n\n\n\n<div class=\"wp-block-column is-layout-flow wp-block-column-is-layout-flow\">\n<figure class=\"wp-block-image alignfull size-full\"><img loading=\"lazy\" decoding=\"async\" width=\"300\" height=\"301\" src=\"https:\/\/wp-escuelaarquitectura-prod-h7d4fhcefzhqhadk.mexicocentral-01.azurewebsites.net\/wp-content\/uploads\/2022\/05\/Sin-titulo-1-28.jpg\" alt=\"\" class=\"wp-image-1765\" srcset=\"\/escuelaarquitectura\/wp-content\/uploads\/2022\/05\/Sin-titulo-1-28.jpg 300w, \/escuelaarquitectura\/wp-content\/uploads\/2022\/05\/Sin-titulo-1-28-150x150.jpg 150w\" sizes=\"auto, (max-width: 300px) 100vw, 300px\" \/><\/figure>\n\n\n\n<h3 class=\"has-text-align-center has-luminous-vivid-orange-color has-text-color has-medium-font-size wp-block-heading\"><strong>Conferencia con Arquitecto Javier Mu\u00f1oz<\/strong><\/h3>\n\n\n\n<p>Ponente: Arq. Javier Mu\u00f1oz<br>Fecha: 19 de febrero de 2021<\/p>\n\n\n\n<p class=\"has-text-align-left\"><a href=\"https:\/\/youtu.be\/BDjrYpyZhv4\" target=\"_blank\" rel=\"noreferrer noopener\">Ver video<\/a><\/p>\n<\/div>\n<\/div>\n<\/div>\n<\/div>\n\n\n\n<div class=\"wp-block-columns is-layout-flex wp-container-core-columns-is-layout-9d6595d7 wp-block-columns-is-layout-flex\">\n<div class=\"wp-block-column is-layout-flow wp-block-column-is-layout-flow\">\n<div class=\"wp-block-columns is-layout-flex wp-container-core-columns-is-layout-9d6595d7 wp-block-columns-is-layout-flex\">\n<div class=\"wp-block-column is-layout-flow wp-block-column-is-layout-flow\">\n<figure class=\"wp-block-image alignfull size-full\"><img loading=\"lazy\" decoding=\"async\" width=\"300\" height=\"300\" src=\"https:\/\/wp-escuelaarquitectura-prod-h7d4fhcefzhqhadk.mexicocentral-01.azurewebsites.net\/wp-content\/uploads\/2022\/05\/Juan-Carral_Mesa-de-trabajo-1.jpg\" alt=\"\" class=\"wp-image-1766\" srcset=\"\/escuelaarquitectura\/wp-content\/uploads\/2022\/05\/Juan-Carral_Mesa-de-trabajo-1.jpg 300w, \/escuelaarquitectura\/wp-content\/uploads\/2022\/05\/Juan-Carral_Mesa-de-trabajo-1-150x150.jpg 150w\" sizes=\"auto, (max-width: 300px) 100vw, 300px\" \/><\/figure>\n\n\n\n<h3 class=\"has-text-align-center has-luminous-vivid-orange-color has-text-color has-medium-font-size wp-block-heading\"><strong>Conferencia con Juan Carral<\/strong><\/h3>\n\n\n\n<p>Ponente: Arq. Juan Carral<br>Fecha: 22 de enero de 2021<\/p>\n\n\n\n<p class=\"has-text-align-center\"><a href=\"https:\/\/youtu.be\/qEHP0bFB72c\">Ver video<\/a><\/p>\n<\/div>\n\n\n\n<div class=\"wp-block-column is-layout-flow wp-block-column-is-layout-flow\">\n<figure class=\"wp-block-image alignfull size-full\"><img loading=\"lazy\" decoding=\"async\" width=\"300\" height=\"300\" src=\"https:\/\/wp-escuelaarquitectura-prod-h7d4fhcefzhqhadk.mexicocentral-01.azurewebsites.net\/wp-content\/uploads\/2022\/05\/Sin-titulo-1-13.jpg\" alt=\"\" class=\"wp-image-1767\" srcset=\"\/escuelaarquitectura\/wp-content\/uploads\/2022\/05\/Sin-titulo-1-13.jpg 300w, \/escuelaarquitectura\/wp-content\/uploads\/2022\/05\/Sin-titulo-1-13-150x150.jpg 150w\" sizes=\"auto, (max-width: 300px) 100vw, 300px\" \/><\/figure>\n\n\n\n<h3 class=\"has-text-align-center has-luminous-vivid-orange-color has-text-color has-medium-font-size wp-block-heading\"><strong>Conferencia neuroarquitectura<\/strong><\/h3>\n\n\n\n<p>Ponente: Juan Carlos Baumgartner<br>Fecha: 17 de noviembre de 2021<\/p>\n\n\n\n<p class=\"has-text-align-center\"><a href=\"https:\/\/youtu.be\/BO__uru1YVE\">Ver video<\/a><\/p>\n<\/div>\n\n\n\n<div class=\"wp-block-column is-layout-flow wp-block-column-is-layout-flow\">\n<figure class=\"wp-block-image alignfull size-full\"><img loading=\"lazy\" decoding=\"async\" width=\"300\" height=\"300\" src=\"https:\/\/wp-escuelaarquitectura-prod-h7d4fhcefzhqhadk.mexicocentral-01.azurewebsites.net\/wp-content\/uploads\/2022\/05\/Sin-titulo-1_Mesa-de-trabajo-1.jpg\" alt=\"\" class=\"wp-image-1768\" srcset=\"\/escuelaarquitectura\/wp-content\/uploads\/2022\/05\/Sin-titulo-1_Mesa-de-trabajo-1.jpg 300w, \/escuelaarquitectura\/wp-content\/uploads\/2022\/05\/Sin-titulo-1_Mesa-de-trabajo-1-150x150.jpg 150w\" sizes=\"auto, (max-width: 300px) 100vw, 300px\" \/><\/figure>\n\n\n\n<h3 class=\"has-text-align-center has-luminous-vivid-orange-color has-text-color has-medium-font-size wp-block-heading\"><strong>Despacho Vrtical<\/strong><\/h3>\n\n\n\n<p>Ponente: Arq. Luis Beltr\u00e1n Del R\u00edo y Arq. Andrew Sosa<br>Fecha: 25 de noviembre de 2020<\/p>\n\n\n\n<p class=\"has-text-align-center\"><a href=\"https:\/\/youtu.be\/Ei36g0mEXLY\">Ver video<\/a><\/p>\n<\/div>\n\n\n\n<div class=\"wp-block-column is-layout-flow wp-block-column-is-layout-flow\">\n<figure class=\"wp-block-image alignfull size-full\"><img loading=\"lazy\" decoding=\"async\" width=\"501\" height=\"501\" src=\"https:\/\/wp-escuelaarquitectura-prod-h7d4fhcefzhqhadk.mexicocentral-01.azurewebsites.net\/wp-content\/uploads\/2022\/03\/4.jpg\" alt=\"\" class=\"wp-image-1522\" srcset=\"\/escuelaarquitectura\/wp-content\/uploads\/2022\/03\/4.jpg 501w, \/escuelaarquitectura\/wp-content\/uploads\/2022\/03\/4-300x300.jpg 300w, \/escuelaarquitectura\/wp-content\/uploads\/2022\/03\/4-150x150.jpg 150w\" sizes=\"auto, (max-width: 501px) 100vw, 501px\" \/><\/figure>\n\n\n\n<h3 class=\"has-text-align-center has-luminous-vivid-orange-color has-text-color has-medium-font-size wp-block-heading\"><strong>El incre\u00edble poder del olfato: una experiencia sensorial<\/strong><\/h3>\n\n\n\n<p>Ponente: Manuela Pedroza P\u00e1ez Fleischhacker<br>Fecha: 12 de agosto de 2021<\/p>\n\n\n\n<p class=\"has-text-align-center\"><a href=\"https:\/\/youtu.be\/PDDQJJoJ0Po\">Ver video<\/a><\/p>\n<\/div>\n<\/div>\n<\/div>\n<\/div>\n\n\n\n<div class=\"wp-block-columns is-layout-flex wp-container-core-columns-is-layout-9d6595d7 wp-block-columns-is-layout-flex\">\n<div class=\"wp-block-column is-layout-flow wp-block-column-is-layout-flow\">\n<div class=\"wp-block-columns is-layout-flex wp-container-core-columns-is-layout-9d6595d7 wp-block-columns-is-layout-flex\">\n<div class=\"wp-block-column is-layout-flow wp-block-column-is-layout-flow\">\n<figure class=\"wp-block-image alignfull size-full\"><img loading=\"lazy\" decoding=\"async\" width=\"300\" height=\"300\" src=\"https:\/\/wp-escuelaarquitectura-prod-h7d4fhcefzhqhadk.mexicocentral-01.azurewebsites.net\/wp-content\/uploads\/2022\/05\/Sin-titulo-1-25.jpg\" alt=\"\" class=\"wp-image-1769\" srcset=\"\/escuelaarquitectura\/wp-content\/uploads\/2022\/05\/Sin-titulo-1-25.jpg 300w, \/escuelaarquitectura\/wp-content\/uploads\/2022\/05\/Sin-titulo-1-25-150x150.jpg 150w\" sizes=\"auto, (max-width: 300px) 100vw, 300px\" \/><\/figure>\n\n\n\n<h3 class=\"has-text-align-center has-luminous-vivid-orange-color has-text-color has-medium-font-size wp-block-heading\"><strong>Estrategia financiera de proyectos inmobiliarios en \u00e9poca de crisis<\/strong><\/h3>\n\n\n\n<p>Ponente: Lic. Mariano Alberto Lim\u00f3n Figueroa<br>Fecha: 5 de agosto de 2020<\/p>\n\n\n\n<p class=\"has-text-align-center\"><a href=\"https:\/\/youtu.be\/wNKf6b4egTk\">Ver video<\/a><\/p>\n<\/div>\n\n\n\n<div class=\"wp-block-column is-layout-flow wp-block-column-is-layout-flow\">\n<figure class=\"wp-block-image alignfull size-full\"><img loading=\"lazy\" decoding=\"async\" width=\"300\" height=\"300\" src=\"https:\/\/wp-escuelaarquitectura-prod-h7d4fhcefzhqhadk.mexicocentral-01.azurewebsites.net\/wp-content\/uploads\/2022\/05\/Sin-titulo-1-21.jpg\" alt=\"\" class=\"wp-image-1770\" srcset=\"\/escuelaarquitectura\/wp-content\/uploads\/2022\/05\/Sin-titulo-1-21.jpg 300w, \/escuelaarquitectura\/wp-content\/uploads\/2022\/05\/Sin-titulo-1-21-150x150.jpg 150w\" sizes=\"auto, (max-width: 300px) 100vw, 300px\" \/><\/figure>\n\n\n\n<h3 class=\"has-text-align-center has-luminous-vivid-orange-color has-text-color has-medium-font-size wp-block-heading\"><strong>JSa- Arquitecto Javier S\u00e1nchez<\/strong><\/h3>\n\n\n\n<p>Ponente:  Arq. Javier S\u00e1nchez<br>Fecha: 9 de octubre de 2020<\/p>\n\n\n\n<p class=\"has-text-align-center\"><a href=\"https:\/\/youtu.be\/6i8X460HXpg\">Ver video<\/a><\/p>\n<\/div>\n\n\n\n<div class=\"wp-block-column is-layout-flow wp-block-column-is-layout-flow\">\n<figure class=\"wp-block-image alignfull size-full\"><img loading=\"lazy\" decoding=\"async\" width=\"300\" height=\"300\" src=\"https:\/\/wp-escuelaarquitectura-prod-h7d4fhcefzhqhadk.mexicocentral-01.azurewebsites.net\/wp-content\/uploads\/2022\/05\/Sin-titulo-1-09.jpg\" alt=\"\" class=\"wp-image-1771\" srcset=\"\/escuelaarquitectura\/wp-content\/uploads\/2022\/05\/Sin-titulo-1-09.jpg 300w, \/escuelaarquitectura\/wp-content\/uploads\/2022\/05\/Sin-titulo-1-09-150x150.jpg 150w\" sizes=\"auto, (max-width: 300px) 100vw, 300px\" \/><\/figure>\n\n\n\n<h3 class=\"has-text-align-center has-luminous-vivid-orange-color has-text-color has-medium-font-size wp-block-heading\"><strong>La arquitectura y el retail<\/strong><\/h3>\n\n\n\n<p>Ponente: Arq. Gustavo Carmona<br>Fecha: 11 de septiembre de 2020<\/p>\n\n\n\n<p class=\"has-text-align-center\"><a href=\"https:\/\/youtu.be\/Ml8XH-ayZV0\">Ver video<\/a><\/p>\n<\/div>\n\n\n\n<div class=\"wp-block-column is-layout-flow wp-block-column-is-layout-flow\">\n<figure class=\"wp-block-image alignfull size-large\"><img loading=\"lazy\" decoding=\"async\" width=\"1024\" height=\"1024\" src=\"https:\/\/wp-escuelaarquitectura-prod-h7d4fhcefzhqhadk.mexicocentral-01.azurewebsites.net\/wp-content\/uploads\/2022\/10\/imporrtancia-equipamiento-urbano-1024x1024.jpg\" alt=\"\" class=\"wp-image-1955\" srcset=\"\/escuelaarquitectura\/wp-content\/uploads\/2022\/10\/imporrtancia-equipamiento-urbano-1024x1024.jpg 1024w, \/escuelaarquitectura\/wp-content\/uploads\/2022\/10\/imporrtancia-equipamiento-urbano-300x300.jpg 300w, \/escuelaarquitectura\/wp-content\/uploads\/2022\/10\/imporrtancia-equipamiento-urbano-150x150.jpg 150w, \/escuelaarquitectura\/wp-content\/uploads\/2022\/10\/imporrtancia-equipamiento-urbano-768x768.jpg 768w, \/escuelaarquitectura\/wp-content\/uploads\/2022\/10\/imporrtancia-equipamiento-urbano.jpg 1080w\" sizes=\"auto, (max-width: 1024px) 100vw, 1024px\" \/><\/figure>\n\n\n\n<h3 class=\"has-text-align-center has-luminous-vivid-orange-color has-text-color has-medium-font-size wp-block-heading\"><strong>La importancia del equipamiento urbano<\/strong><\/h3>\n\n\n\n<p>Ponente: Luc\u00eda Villers y Oficina de Resiliencia Urbana ORU &#8211; Adriana Ch\u00e1vez, V\u00edctor Rico y Elena Tudela<br>Fecha: 12 de noviembre de 2021<\/p>\n\n\n\n<p class=\"has-text-align-center\"><a href=\"https:\/\/youtu.be\/74dWArq09OM\">Ver video<\/a><\/p>\n<\/div>\n<\/div>\n<\/div>\n<\/div>\n\n\n\n<div class=\"wp-block-columns is-layout-flex wp-container-core-columns-is-layout-9d6595d7 wp-block-columns-is-layout-flex\">\n<div class=\"wp-block-column is-layout-flow wp-block-column-is-layout-flow\">\n<div class=\"wp-block-columns is-layout-flex wp-container-core-columns-is-layout-9d6595d7 wp-block-columns-is-layout-flex\">\n<div class=\"wp-block-column is-layout-flow wp-block-column-is-layout-flow\">\n<figure class=\"wp-block-image alignfull size-full\"><img loading=\"lazy\" decoding=\"async\" width=\"300\" height=\"300\" src=\"https:\/\/wp-escuelaarquitectura-prod-h7d4fhcefzhqhadk.mexicocentral-01.azurewebsites.net\/wp-content\/uploads\/2022\/05\/Sin-titulo-1-22.jpg\" alt=\"\" class=\"wp-image-1772\" srcset=\"\/escuelaarquitectura\/wp-content\/uploads\/2022\/05\/Sin-titulo-1-22.jpg 300w, \/escuelaarquitectura\/wp-content\/uploads\/2022\/05\/Sin-titulo-1-22-150x150.jpg 150w\" sizes=\"auto, (max-width: 300px) 100vw, 300px\" \/><\/figure>\n\n\n\n<h3 class=\"has-text-align-center has-luminous-vivid-orange-color has-text-color has-medium-font-size wp-block-heading\"><strong>La importancia del objeto en el espacio habitable<\/strong><\/h3>\n\n\n\n<p>Ponente: Andr\u00e9s Ocejo<br>Fecha: 06 de noviembre de 2020<\/p>\n\n\n\n<p class=\"has-text-align-left\"><a href=\"https:\/\/youtu.be\/q-K99DzT-xE\">Ver video<\/a><\/p>\n<\/div>\n\n\n\n<div class=\"wp-block-column is-layout-flow wp-block-column-is-layout-flow\">\n<figure class=\"wp-block-image alignfull size-full\"><img loading=\"lazy\" decoding=\"async\" width=\"501\" height=\"501\" src=\"https:\/\/wp-escuelaarquitectura-prod-h7d4fhcefzhqhadk.mexicocentral-01.azurewebsites.net\/wp-content\/uploads\/2022\/03\/4.jpg\" alt=\"\" class=\"wp-image-1522\" srcset=\"\/escuelaarquitectura\/wp-content\/uploads\/2022\/03\/4.jpg 501w, \/escuelaarquitectura\/wp-content\/uploads\/2022\/03\/4-300x300.jpg 300w, \/escuelaarquitectura\/wp-content\/uploads\/2022\/03\/4-150x150.jpg 150w\" sizes=\"auto, (max-width: 501px) 100vw, 501px\" \/><\/figure>\n\n\n\n<h3 class=\"has-text-align-center has-luminous-vivid-orange-color has-text-color has-medium-font-size wp-block-heading\"><strong>La luz: veh\u00edculo de las emociones<\/strong><\/h3>\n\n\n\n<p>Ponente: Kai Diederichsen Rehmke<br>Fecha: 29 de octubre de 2021<\/p>\n\n\n\n<p class=\"has-text-align-left\"><a href=\"https:\/\/youtu.be\/aWLaHJ8awTc\">Ver video<\/a><\/p>\n<\/div>\n\n\n\n<div class=\"wp-block-column is-layout-flow wp-block-column-is-layout-flow\">\n<figure class=\"wp-block-image alignfull size-full\"><img loading=\"lazy\" decoding=\"async\" width=\"300\" height=\"300\" src=\"https:\/\/wp-escuelaarquitectura-prod-h7d4fhcefzhqhadk.mexicocentral-01.azurewebsites.net\/wp-content\/uploads\/2022\/05\/Sin-titulo-1-17.jpg\" alt=\"\" class=\"wp-image-1773\" srcset=\"\/escuelaarquitectura\/wp-content\/uploads\/2022\/05\/Sin-titulo-1-17.jpg 300w, \/escuelaarquitectura\/wp-content\/uploads\/2022\/05\/Sin-titulo-1-17-150x150.jpg 150w\" sizes=\"auto, (max-width: 300px) 100vw, 300px\" \/><\/figure>\n\n\n\n<h3 class=\"has-text-align-center has-luminous-vivid-orange-color has-text-color has-medium-font-size wp-block-heading\"><strong>La visualidad y visibilidad del color en la arquitectura<\/strong><\/h3>\n\n\n\n<p>Ponente: Dra. Luc\u00eda Molatore<br>Fecha: 14 de agosto de 2020<\/p>\n\n\n\n<p class=\"has-text-align-left\"><a href=\"https:\/\/youtu.be\/Ml8XH-ayZV0\">Ver video<\/a><\/p>\n<\/div>\n\n\n\n<div class=\"wp-block-column is-layout-flow wp-block-column-is-layout-flow\">\n<figure class=\"wp-block-image alignfull size-large\"><img loading=\"lazy\" decoding=\"async\" width=\"1024\" height=\"1024\" src=\"https:\/\/wp-escuelaarquitectura-prod-h7d4fhcefzhqhadk.mexicocentral-01.azurewebsites.net\/wp-content\/uploads\/2022\/10\/Fray-Gabriel-1024x1024.jpg\" alt=\"\" class=\"wp-image-1954\" srcset=\"\/escuelaarquitectura\/wp-content\/uploads\/2022\/10\/Fray-Gabriel-1024x1024.jpg 1024w, \/escuelaarquitectura\/wp-content\/uploads\/2022\/10\/Fray-Gabriel-300x300.jpg 300w, \/escuelaarquitectura\/wp-content\/uploads\/2022\/10\/Fray-Gabriel-150x150.jpg 150w, \/escuelaarquitectura\/wp-content\/uploads\/2022\/10\/Fray-Gabriel-768x768.jpg 768w, \/escuelaarquitectura\/wp-content\/uploads\/2022\/10\/Fray-Gabriel.jpg 1080w\" sizes=\"auto, (max-width: 1024px) 100vw, 1024px\" \/><\/figure>\n\n\n\n<h3 class=\"has-text-align-center has-luminous-vivid-orange-color has-text-color has-medium-font-size wp-block-heading\"><strong>Liturgia y arquitectura<\/strong><\/h3>\n\n\n\n<p>Ponente: Fray Gabriel Ch\u00e1vez de la Mora<br>Fecha: 22 de octubre de 2021<\/p>\n\n\n\n<p class=\"has-text-align-left\"><a href=\"https:\/\/youtu.be\/407iq7v3FVg\">Ver video<\/a><\/p>\n<\/div>\n<\/div>\n<\/div>\n<\/div>\n\n\n\n<div class=\"wp-block-columns is-layout-flex wp-container-core-columns-is-layout-9d6595d7 wp-block-columns-is-layout-flex\">\n<div class=\"wp-block-column is-layout-flow wp-block-column-is-layout-flow\">\n<div class=\"wp-block-columns is-layout-flex wp-container-core-columns-is-layout-9d6595d7 wp-block-columns-is-layout-flex\">\n<div class=\"wp-block-column is-layout-flow wp-block-column-is-layout-flow\">\n<figure class=\"wp-block-image alignfull size-full\"><img loading=\"lazy\" decoding=\"async\" width=\"300\" height=\"300\" src=\"https:\/\/wp-escuelaarquitectura-prod-h7d4fhcefzhqhadk.mexicocentral-01.azurewebsites.net\/wp-content\/uploads\/2022\/05\/Sin-titulo-1-06.jpg\" alt=\"\" class=\"wp-image-1774\" srcset=\"\/escuelaarquitectura\/wp-content\/uploads\/2022\/05\/Sin-titulo-1-06.jpg 300w, \/escuelaarquitectura\/wp-content\/uploads\/2022\/05\/Sin-titulo-1-06-150x150.jpg 150w\" sizes=\"auto, (max-width: 300px) 100vw, 300px\" \/><\/figure>\n\n\n\n<h3 class=\"has-text-align-center has-luminous-vivid-orange-color has-text-color has-medium-font-size wp-block-heading\"><strong>Mir\u00f3 Rivera Architects<\/strong><\/h3>\n\n\n\n<p>Ponente: Juan Mir\u00f3 y Miguel Rivera<br>Fecha: 05 de febrero de 2021<\/p>\n\n\n\n<p class=\"has-text-align-left\"><a href=\"https:\/\/youtu.be\/0NK0eoAmlt0\">Ver video<\/a><\/p>\n<\/div>\n\n\n\n<div class=\"wp-block-column is-layout-flow wp-block-column-is-layout-flow\">\n<figure class=\"wp-block-image alignfull size-large\"><img loading=\"lazy\" decoding=\"async\" width=\"1024\" height=\"1024\" src=\"https:\/\/wp-escuelaarquitectura-prod-h7d4fhcefzhqhadk.mexicocentral-01.azurewebsites.net\/wp-content\/uploads\/2022\/10\/palmaaaa-1024x1024.jpg\" alt=\"\" class=\"wp-image-1956\" srcset=\"\/escuelaarquitectura\/wp-content\/uploads\/2022\/10\/palmaaaa-1024x1024.jpg 1024w, \/escuelaarquitectura\/wp-content\/uploads\/2022\/10\/palmaaaa-300x300.jpg 300w, \/escuelaarquitectura\/wp-content\/uploads\/2022\/10\/palmaaaa-150x150.jpg 150w, \/escuelaarquitectura\/wp-content\/uploads\/2022\/10\/palmaaaa-768x768.jpg 768w, \/escuelaarquitectura\/wp-content\/uploads\/2022\/10\/palmaaaa.jpg 1080w\" sizes=\"auto, (max-width: 1024px) 100vw, 1024px\" \/><\/figure>\n\n\n\n<h3 class=\"has-text-align-center has-luminous-vivid-orange-color has-text-color has-medium-font-size wp-block-heading\"><strong>Mujeres latinoamericanas que est\u00e1n cambiando el mundo de la arquitectura<\/strong><\/h3>\n\n\n\n<p>Ponente: Arq. Regina de Hoyos<br>Fecha: 13 de noviembre de 2020<\/p>\n\n\n\n<p class=\"has-text-align-left\"><a href=\"https:\/\/youtu.be\/CCoRFtzLBFU\">Ver video<\/a><\/p>\n<\/div>\n\n\n\n<div class=\"wp-block-column is-layout-flow wp-block-column-is-layout-flow\">\n<figure class=\"wp-block-image alignfull size-full\"><img loading=\"lazy\" decoding=\"async\" width=\"300\" height=\"300\" src=\"https:\/\/wp-escuelaarquitectura-prod-h7d4fhcefzhqhadk.mexicocentral-01.azurewebsites.net\/wp-content\/uploads\/2022\/05\/Sin-titulo-1-13-1.jpg\" alt=\"\" class=\"wp-image-1776\" srcset=\"\/escuelaarquitectura\/wp-content\/uploads\/2022\/05\/Sin-titulo-1-13-1.jpg 300w, \/escuelaarquitectura\/wp-content\/uploads\/2022\/05\/Sin-titulo-1-13-1-150x150.jpg 150w\" sizes=\"auto, (max-width: 300px) 100vw, 300px\" \/><\/figure>\n\n\n\n<h3 class=\"has-text-align-center has-luminous-vivid-orange-color has-text-color has-medium-font-size wp-block-heading\"><strong>Neuro arquitectura y dise\u00f1o para los sentidos<\/strong><\/h3>\n\n\n\n<p>Ponente: Luis Oth\u00f3n Villegas Sol\u00eds<br>Fecha: 23 de julio de 2020<\/p>\n\n\n\n<p class=\"has-text-align-left\"><a href=\"https:\/\/youtu.be\/R-dgrUCkvQk\">Ver video<\/a><\/p>\n<\/div>\n\n\n\n<div class=\"wp-block-column is-layout-flow wp-block-column-is-layout-flow\">\n<figure class=\"wp-block-image alignfull size-full\"><img loading=\"lazy\" decoding=\"async\" width=\"300\" height=\"300\" src=\"https:\/\/wp-escuelaarquitectura-prod-h7d4fhcefzhqhadk.mexicocentral-01.azurewebsites.net\/wp-content\/uploads\/2022\/05\/Sin-titulo-1-04.jpg\" alt=\"\" class=\"wp-image-1777\" srcset=\"\/escuelaarquitectura\/wp-content\/uploads\/2022\/05\/Sin-titulo-1-04.jpg 300w, \/escuelaarquitectura\/wp-content\/uploads\/2022\/05\/Sin-titulo-1-04-150x150.jpg 150w\" sizes=\"auto, (max-width: 300px) 100vw, 300px\" \/><\/figure>\n\n\n\n<h3 class=\"has-text-align-center has-luminous-vivid-orange-color has-text-color has-medium-font-size wp-block-heading\"><strong>PienZa sostenible<\/strong><\/h3>\n\n\n\n<p>Ponente: Carlos Zedillo Velasco y Lic. Rodrigo Zedillo Velasco<br>Fecha: 26 de agosto de 2020<\/p>\n\n\n\n<p class=\"has-text-align-left\"><a href=\"https:\/\/youtu.be\/EPuJY0JDqHQ\">Ver video<\/a><\/p>\n<\/div>\n<\/div>\n<\/div>\n<\/div>\n\n\n\n<div class=\"wp-block-columns is-layout-flex wp-container-core-columns-is-layout-9d6595d7 wp-block-columns-is-layout-flex\">\n<div class=\"wp-block-column is-layout-flow wp-block-column-is-layout-flow\">\n<div class=\"wp-block-columns is-layout-flex wp-container-core-columns-is-layout-9d6595d7 wp-block-columns-is-layout-flex\">\n<div class=\"wp-block-column is-layout-flow wp-block-column-is-layout-flow\">\n<figure class=\"wp-block-image alignfull size-full\"><img loading=\"lazy\" decoding=\"async\" width=\"300\" height=\"300\" src=\"https:\/\/wp-escuelaarquitectura-prod-h7d4fhcefzhqhadk.mexicocentral-01.azurewebsites.net\/wp-content\/uploads\/2022\/05\/Sin-titulo-1-10.jpg\" alt=\"\" class=\"wp-image-1778\" srcset=\"\/escuelaarquitectura\/wp-content\/uploads\/2022\/05\/Sin-titulo-1-10.jpg 300w, \/escuelaarquitectura\/wp-content\/uploads\/2022\/05\/Sin-titulo-1-10-150x150.jpg 150w\" sizes=\"auto, (max-width: 300px) 100vw, 300px\" \/><\/figure>\n\n\n\n<h3 class=\"has-text-align-center has-luminous-vivid-orange-color has-text-color has-medium-font-size wp-block-heading\"><strong>Regresando a una nueva realidad<\/strong><\/h3>\n\n\n\n<p>Ponente: Arq. Alexis Rodr\u00edguez, Arq. Francisco Villena, Arq. Margarita de Brujin<br>Fecha: 12 de junio de 2020<\/p>\n\n\n\n<p class=\"has-text-align-left\"><a href=\"https:\/\/youtu.be\/KqNpgdbHQz4\">Ver video<\/a><\/p>\n<\/div>\n\n\n\n<div class=\"wp-block-column is-layout-flow wp-block-column-is-layout-flow\">\n<figure class=\"wp-block-image alignfull size-full\"><img loading=\"lazy\" decoding=\"async\" width=\"300\" height=\"300\" src=\"https:\/\/wp-escuelaarquitectura-prod-h7d4fhcefzhqhadk.mexicocentral-01.azurewebsites.net\/wp-content\/uploads\/2022\/05\/Sin-titulo-1-03.jpg\" alt=\"\" class=\"wp-image-1779\" srcset=\"\/escuelaarquitectura\/wp-content\/uploads\/2022\/05\/Sin-titulo-1-03.jpg 300w, \/escuelaarquitectura\/wp-content\/uploads\/2022\/05\/Sin-titulo-1-03-150x150.jpg 150w\" sizes=\"auto, (max-width: 300px) 100vw, 300px\" \/><\/figure>\n\n\n\n<h3 class=\"has-text-align-center has-luminous-vivid-orange-color has-text-color has-medium-font-size wp-block-heading\"><strong>Taller Diez05<\/strong><\/h3>\n\n\n\n<p>Ponente: Arq. Manuel Herrera<br>Fecha: 30 de septiembre de 2020<\/p>\n\n\n\n<p class=\"has-text-align-left\"><a href=\"https:\/\/youtu.be\/85STEoXUTzg\">Ver video<\/a><\/p>\n<\/div>\n\n\n\n<div class=\"wp-block-column is-layout-flow wp-block-column-is-layout-flow\">\n<figure class=\"wp-block-image alignfull size-full\"><img loading=\"lazy\" decoding=\"async\" width=\"300\" height=\"301\" src=\"https:\/\/wp-escuelaarquitectura-prod-h7d4fhcefzhqhadk.mexicocentral-01.azurewebsites.net\/wp-content\/uploads\/2022\/05\/Sin-titulo-1-30.jpg\" alt=\"\" class=\"wp-image-1780\" srcset=\"\/escuelaarquitectura\/wp-content\/uploads\/2022\/05\/Sin-titulo-1-30.jpg 300w, \/escuelaarquitectura\/wp-content\/uploads\/2022\/05\/Sin-titulo-1-30-150x150.jpg 150w\" sizes=\"auto, (max-width: 300px) 100vw, 300px\" \/><\/figure>\n\n\n\n<h3 class=\"has-text-align-center has-luminous-vivid-orange-color has-text-color has-medium-font-size wp-block-heading\">Transvision-Luz-Arquitectura: Dil\u00e9ctica visual del espacio arquitect\u00f3nico<\/h3>\n\n\n\n<p>Ponente: Arq. Gustavo Avil\u00e9s<br>Fecha: 15 de octubre de 2020<\/p>\n\n\n\n<p class=\"has-text-align-left\"><a href=\"https:\/\/youtu.be\/_Ei6bjfmMXc\">Ver video<\/a><\/p>\n<\/div>\n\n\n\n<div class=\"wp-block-column is-layout-flow wp-block-column-is-layout-flow\">\n<figure class=\"wp-block-image alignfull size-full\"><img loading=\"lazy\" decoding=\"async\" width=\"300\" height=\"301\" src=\"https:\/\/wp-escuelaarquitectura-prod-h7d4fhcefzhqhadk.mexicocentral-01.azurewebsites.net\/wp-content\/uploads\/2022\/05\/Sin-titulo-1-31-1.jpg\" alt=\"\" class=\"wp-image-1781\" srcset=\"\/escuelaarquitectura\/wp-content\/uploads\/2022\/05\/Sin-titulo-1-31-1.jpg 300w, \/escuelaarquitectura\/wp-content\/uploads\/2022\/05\/Sin-titulo-1-31-1-150x150.jpg 150w\" sizes=\"auto, (max-width: 300px) 100vw, 300px\" \/><\/figure>\n\n\n\n<h3 class=\"has-text-align-center has-luminous-vivid-orange-color has-text-color has-medium-font-size wp-block-heading\">Webinar: Arquitectura de emergencia en tiempos de crisis<\/h3>\n\n\n\n<p>Ponente: Carmen Mendoza Arroyo, Carolina Collignon De Alba, Shinji Miyazaki, Ana Silvia Valenzuela, Rodrigo Langarica \u00c1vila y Antonio Moll<br>Fecha: 08 de mayo de 2020<\/p>\n\n\n\n<p class=\"has-text-align-left\"><a href=\"https:\/\/youtu.be\/z3B5hMgdY_g\">Ver video<\/a><\/p>\n<\/div>\n<\/div>\n<\/div>\n<\/div>\n\n\n\n<div class=\"wp-block-columns is-layout-flex wp-container-core-columns-is-layout-9d6595d7 wp-block-columns-is-layout-flex\">\n<div class=\"wp-block-column is-layout-flow wp-block-column-is-layout-flow\">\n<div class=\"wp-block-columns is-layout-flex wp-container-core-columns-is-layout-9d6595d7 wp-block-columns-is-layout-flex\">\n<div class=\"wp-block-column is-layout-flow wp-block-column-is-layout-flow\">\n<figure class=\"wp-block-image alignfull size-full\"><img loading=\"lazy\" decoding=\"async\" width=\"300\" height=\"300\" src=\"https:\/\/wp-escuelaarquitectura-prod-h7d4fhcefzhqhadk.mexicocentral-01.azurewebsites.net\/wp-content\/uploads\/2022\/05\/Sin-titulo-1-11.jpg\" alt=\"\" class=\"wp-image-1782\" srcset=\"\/escuelaarquitectura\/wp-content\/uploads\/2022\/05\/Sin-titulo-1-11.jpg 300w, \/escuelaarquitectura\/wp-content\/uploads\/2022\/05\/Sin-titulo-1-11-150x150.jpg 150w\" sizes=\"auto, (max-width: 300px) 100vw, 300px\" \/><\/figure>\n\n\n\n<h3 class=\"has-text-align-center has-luminous-vivid-orange-color has-text-color has-medium-font-size wp-block-heading\">Webinar: Replanteando la configuraci\u00f3n interior de la vivienda<\/h3>\n\n\n\n<p>Ponente:Dr. Mariano Esparza D\u00edaz de Le\u00f3n<br>Fecha: 03 de julio de 2020<\/p>\n\n\n\n<p class=\"has-text-align-left\"><a href=\"https:\/\/youtu.be\/J31fqUJn-B8\">Ver video<\/a><\/p>\n<\/div>\n\n\n\n<div class=\"wp-block-column is-layout-flow wp-block-column-is-layout-flow\"><\/div>\n\n\n\n<div class=\"wp-block-column is-layout-flow wp-block-column-is-layout-flow\"><\/div>\n\n\n\n<div class=\"wp-block-column is-layout-flow wp-block-column-is-layout-flow\"><\/div>\n<\/div>\n<\/div>\n<\/div>\n\n\n\n<div class=\"wp-block-columns is-layout-flex wp-container-core-columns-is-layout-9d6595d7 wp-block-columns-is-layout-flex\">\n<div class=\"wp-block-column is-layout-flow wp-block-column-is-layout-flow\"><\/div>\n<\/div>\n","protected":false},"excerpt":{"rendered":"<p>Arquitectura de Calcuta a Tepic Ponente: Arq. Bernardo G\u00f3mez PimientaFecha: 23 de abril de 2021 Ver video Arquitectura de emergencia [&hellip;]<\/p>\n","protected":false},"author":1,"featured_media":0,"parent":0,"menu_order":0,"comment_status":"closed","ping_status":"closed","template":"","meta":{"footnotes":""},"class_list":["post-1520","page","type-page","status-publish","hentry"],"_links":{"self":[{"href":"https:\/\/anahuacqro.edu.mx\/escuelaarquitectura\/wp-json\/wp\/v2\/pages\/1520","targetHints":{"allow":["GET"]}}],"collection":[{"href":"https:\/\/anahuacqro.edu.mx\/escuelaarquitectura\/wp-json\/wp\/v2\/pages"}],"about":[{"href":"https:\/\/anahuacqro.edu.mx\/escuelaarquitectura\/wp-json\/wp\/v2\/types\/page"}],"author":[{"embeddable":true,"href":"https:\/\/anahuacqro.edu.mx\/escuelaarquitectura\/wp-json\/wp\/v2\/users\/1"}],"replies":[{"embeddable":true,"href":"https:\/\/anahuacqro.edu.mx\/escuelaarquitectura\/wp-json\/wp\/v2\/comments?post=1520"}],"version-history":[{"count":21,"href":"https:\/\/anahuacqro.edu.mx\/escuelaarquitectura\/wp-json\/wp\/v2\/pages\/1520\/revisions"}],"predecessor-version":[{"id":2208,"href":"https:\/\/anahuacqro.edu.mx\/escuelaarquitectura\/wp-json\/wp\/v2\/pages\/1520\/revisions\/2208"}],"wp:attachment":[{"href":"https:\/\/anahuacqro.edu.mx\/escuelaarquitectura\/wp-json\/wp\/v2\/media?parent=1520"}],"curies":[{"name":"wp","href":"https:\/\/api.w.org\/{rel}","templated":true}]}}